{"id":9148,"date":"2023-07-27T17:42:39","date_gmt":"2023-07-27T14:42:39","guid":{"rendered":"https:\/\/www.imapcrystal.com\/?page_id=9148"},"modified":"2023-07-27T17:44:05","modified_gmt":"2023-07-27T14:44:05","slug":"kayisi-muhafazasi","status":"publish","type":"page","link":"http:\/\/www.imapcrystal.com\/es\/conserva-de-albaricoque\/","title":{"rendered":"Conservaci\u00f3n del albaricoque"},"content":{"rendered":"<div data-elementor-type=\"wp-page\" data-elementor-id=\"9148\" class=\"elementor elementor-9148\">\n\t\t\t\t<div class=\"elementor-element elementor-element-262c074 e-flex e-con-boxed e-con e-parent\" data-id=\"262c074\" data-element_type=\"container\" data-settings=\"{&quot;background_background&quot;:&quot;classic&quot;}\">\n\t\t\t\t\t<div class=\"e-con-inner\">\n\t\t<div class=\"elementor-element elementor-element-74170eb e-con-full e-flex e-con e-child\" data-id=\"74170eb\" data-element_type=\"container\" data-settings=\"{&quot;background_background&quot;:&quot;classic&quot;}\">\n\t\t\t\t<div class=\"elementor-element elementor-element-59f5421 elementor-widget elementor-widget-hub_fancy_heading\" data-id=\"59f5421\" data-element_type=\"widget\" data-widget_type=\"hub_fancy_heading.default\">\n\t\t\t\t<div class=\"elementor-widget-container\">\n\t\t\t\t\t\n\t\t<div id=\"ld-fancy-heading-69f597d940104\" class=\"ld-fancy-heading pos-rel\">\n\t\t\t\t\t<\/div>\n\n\t\t\t\t\t\t<\/div>\n\t\t\t\t<\/div>\n\t\t\t\t<div class=\"elementor-element elementor-element-b73fe53 elementor-widget elementor-widget-ld_breadcrumb\" data-id=\"b73fe53\" data-element_type=\"widget\" data-widget_type=\"ld_breadcrumb.default\">\n\t\t\t\t<div class=\"elementor-widget-container\">\n\t\t\t\t\t<div class=\"lqd-breadcrumb-wrapper\"><nav role=\"navigation\" aria-label=\"Breadcrumbs\" class=\"breadcrumbs\"><ol class=\"breadcrumb reset-ul inline-nav inline-ul comma-sep-li\"><li class=\"breadcrumb-item active\"><a href=\"http:\/\/www.imapcrystal.com\/es\" rel=\"home\"><span>Home<\/span><\/a><\/li><\/ol><\/nav><\/div>\t\t\t\t<\/div>\n\t\t\t\t<\/div>\n\t\t\t\t<\/div>\n\t\t\t\t\t<\/div>\n\t\t\t\t<\/div>\n\t\t<div data-custom-animations=\"true\" data-ca-options=\"{&quot;addChildTimelines&quot;:false,&quot;animationTarget&quot;:&quot;:scope .e-con-inner &gt; .elementor-element:not(.lqd-exclude-parent-ca) &gt; .elementor-widget-container, :scope .e-con-inner &gt; .elementor-widget-hub_fancy_heading .lqd-split-lines .lqd-lines .split-inner, :scope .e-con-inner &gt; .elementor-widget-hub_fancy_heading .lqd-split-words .lqd-words .split-inner, :scope .e-con-inner &gt; .elementor-widget-hub_fancy_heading .lqd-split-chars .lqd-chars .split-inner, :scope .e-con-inner &gt; .elementor-widget-hub_fancy_heading .lqd-adv-txt-fig, :scope .e-con-inner &gt; .elementor-widget-ld_custom_menu .lqd-fancy-menu &gt; ul &gt; li, :scope .e-con:not([data-parallax]) .e-con-inner &gt; .elementor-element &gt; .elementor-widget-container, :scope .e-con:not([data-parallax]) .e-con-inner &gt; .elementor-widget-hub_fancy_heading .lqd-split-lines .lqd-lines .split-inner, :scope .e-con:not([data-parallax]) .e-con-inner &gt; .elementor-widget-hub_fancy_heading .lqd-split-words .lqd-words .split-inner, :scope .e-con:not([data-parallax]) .e-con-inner &gt; .elementor-widget-hub_fancy_heading .lqd-split-chars .lqd-chars .split-inner, :scope .e-con:not([data-parallax]) .e-con-inner &gt; .elementor-widget-ld_custom_menu .lqd-fancy-menu &gt; ul &gt; li&quot;,&quot;ease&quot;:[&quot;power4.out&quot;],&quot;initValues&quot;:{&quot;y&quot;:&quot;45px&quot;,&quot;scaleX&quot;:1.2,&quot;scaleY&quot;:1.2,&quot;opacity&quot;:0},&quot;animations&quot;:{&quot;y&quot;:&quot;0px&quot;,&quot;scaleX&quot;:1,&quot;scaleY&quot;:1,&quot;opacity&quot;:1}}\" class=\"elementor-element elementor-element-c635fef e-flex e-con-boxed e-con e-parent\" data-id=\"c635fef\" data-element_type=\"container\" data-settings=\"{&quot;background_background&quot;:&quot;classic&quot;}\">\n\t\t\t\t\t<div class=\"e-con-inner\">\n\t\t<div class=\"elementor-element elementor-element-93faf93 e-con-full e-flex e-con e-child\" data-id=\"93faf93\" data-element_type=\"container\">\n\t\t<div class=\"elementor-element elementor-element-cc1c8f3 e-flex e-con-boxed e-con e-child\" data-id=\"cc1c8f3\" data-element_type=\"container\">\n\t\t\t\t\t<div class=\"e-con-inner\">\n\t\t<div class=\"elementor-element elementor-element-097f80a e-flex e-con-boxed e-con e-child\" data-id=\"097f80a\" data-element_type=\"container\">\n\t\t\t\t\t<div class=\"e-con-inner\">\n\t\t\t\t<div class=\"elementor-element elementor-element-5b65ad3 elementor-widget elementor-widget-hub_fancy_heading\" data-id=\"5b65ad3\" data-element_type=\"widget\" data-widget_type=\"hub_fancy_heading.default\">\n\t\t\t\t<div class=\"elementor-widget-container\">\n\t\t\t\t\t\n\t\t<div id=\"ld-fancy-heading-69f597d942d2e\" class=\"ld-fancy-heading pos-rel\">\n\t\t\t<p class=\"ld-fh-element d-inline-block pos-rel  lqd-highlight-classic lqd-highlight-grow-left p\"  > - Imap Cristal<\/p>\t\t<\/div>\n\n\t\t\t\t\t\t<\/div>\n\t\t\t\t<\/div>\n\t\t\t\t<div class=\"elementor-element elementor-element-2392cae elementor-widget elementor-widget-hub_fancy_heading\" data-id=\"2392cae\" data-element_type=\"widget\" data-widget_type=\"hub_fancy_heading.default\">\n\t\t\t\t<div class=\"elementor-widget-container\">\n\t\t\t\t\t\n\t\t<div id=\"ld-fancy-heading-69f597d9436a9\" class=\"ld-fancy-heading pos-rel\">\n\t\t\t<h3 class=\"ld-fh-element d-inline-block pos-rel  elementor-heading-title ld-gradient-heading lqd-highlight-classic lqd-highlight-grow-left h3\"  > Conservaci\u00f3n del albaricoque\n<\/h3>\t\t<\/div>\n\n\t\t\t\t\t\t<\/div>\n\t\t\t\t<\/div>\n\t\t\t\t<div class=\"elementor-element elementor-element-b601a79 elementor-widget elementor-widget-text-editor\" data-id=\"b601a79\" data-element_type=\"widget\" data-widget_type=\"text-editor.default\">\n\t\t\t\t<div class=\"elementor-widget-container\">\n\t\t\t\t\t\t\t\t\t<h5 class=\"wp-block-heading\">IMAP Crystal<sup>\u00ae<\/sup>\u00a0Ventajas de los envases atmosf\u00e9ricos para la conservaci\u00f3n de albaricoques<\/h5><ul><li>El albaricoque es una fruta climat\u00e9rica y produce etileno r\u00e1pidamente en muy poco tiempo. Dependiendo de la variedad, si no se dan las condiciones adecuadas, el periodo desde la recolecci\u00f3n hasta el envejecimiento del fruto es de 3-5 d\u00edas.<\/li><li>IMAP Crystal<sup>\u00ae<\/sup>\u00a0El primer efecto de los paquetes atmosf\u00e9ricos sobre la fisiolog\u00eda del albaricoque se produce al disminuir la intensidad respiratoria, afectando al metabolismo del fruto durante el almacenamiento. Debido a este efecto, disminuyen el consumo de sustrato, la producci\u00f3n de di\u00f3xido de carbono, el consumo de ox\u00edgeno y la liberaci\u00f3n de temperatura.<\/li><li>IMAP Crystal<sup>\u00ae<\/sup>\u00a0Los envases atmosf\u00e9ricos % proporcionan una humedad relativa del 90-95%, lo que evita que la fruta se marchite y pierda peso.<\/li><li>IMAP Crystal<sup>\u00ae<\/sup>\u00a0Los envases atmosf\u00e9ricos mantienen la firmeza de la fruta, algo fundamental para los mercados internacionales.<\/li><li>IMAP Crystal<sup>\u00ae<\/sup>\u00a0atm\u00f3sfera los paquetes evitan el deterioro fisiol\u00f3gico y la putrefacci\u00f3n.<\/li><li>IMAP Crystal<sup>\u00ae<\/sup>\u00a0Los envases en atm\u00f3sfera protectora conservan el color natural de la fruta.<\/li><\/ul><h5 class=\"wp-block-heading\">IMAP Crystal<sup>\u00ae<\/sup>\u00a0Control eficaz de la humedad<\/h5>\t\t\t\t\t\t\t\t<\/div>\n\t\t\t\t<\/div>\n\t\t\t\t\t<\/div>\n\t\t\t\t<\/div>\n\t\t<div class=\"lqd-css-sticky elementor-element elementor-element-50e4078 e-flex e-con-boxed e-con e-child\" style=\"top: auto; top: 120px;\" data-id=\"50e4078\" data-element_type=\"container\">\n\t\t\t\t\t<div class=\"e-con-inner\">\n\t\t\t\t<div class=\"elementor-element elementor-element-0c1e13d elementor-widget__width-initial elementor-widget elementor-widget-ld_fancy_image\" data-id=\"0c1e13d\" data-element_type=\"widget\" data-widget_type=\"ld_fancy_image.default\">\n\t\t\t\t<div class=\"elementor-widget-container\">\n\t\t\t\t\t\n\t\t<div class=\"lqd-imggrp-single d-block pos-rel perspective\" data-hover3d=\"true\">\n\t\t\t<div class=\"lqd-imggrp-img-container d-inline-flex pos-rel align-items-center justify-content-center transform-style-3d\">\n\t\t\t\t\t\t\t\t<figure class=\"w-100 pos-rel\" data-stacking-factor=\"1\">\n\t\t\t\t\t<img fetchpriority=\"high\" decoding=\"async\" width=\"1024\" height=\"1024\" src=\"http:\/\/www.imapcrystal.com\/wp-content\/uploads\/2023\/07\/vpv5lnf1d008wo0o0o-1-1024x1024-2.png\" class=\"attachment-full size-full wp-image-9150\" alt=\"\" srcset=\"http:\/\/www.imapcrystal.com\/wp-content\/uploads\/2023\/07\/vpv5lnf1d008wo0o0o-1-1024x1024-2.png 1024w, http:\/\/www.imapcrystal.com\/wp-content\/uploads\/2023\/07\/vpv5lnf1d008wo0o0o-1-1024x1024-2-300x300.png 300w, http:\/\/www.imapcrystal.com\/wp-content\/uploads\/2023\/07\/vpv5lnf1d008wo0o0o-1-1024x1024-2-150x150.png 150w, http:\/\/www.imapcrystal.com\/wp-content\/uploads\/2023\/07\/vpv5lnf1d008wo0o0o-1-1024x1024-2-320x320.png 320w, http:\/\/www.imapcrystal.com\/wp-content\/uploads\/2023\/07\/vpv5lnf1d008wo0o0o-1-1024x1024-2-760x760.png 760w, http:\/\/www.imapcrystal.com\/wp-content\/uploads\/2023\/07\/vpv5lnf1d008wo0o0o-1-1024x1024-2-12x12.png 12w\" sizes=\"(max-width: 1024px) 100vw, 1024px\" itemprop=\"image\" \/>\t\t\t\t\t\t\t\t\t\t\t\t\t\t\t\t\t\t\t\t\t\t\t\t\t\t\t\t\t<\/figure>\n\t\t\t<\/div>\n\t\t<\/div>\n\n\t\t\t\t\t<\/div>\n\t\t\t\t<\/div>\n\t\t\t\t\t<\/div>\n\t\t\t\t<\/div>\n\t\t\t\t\t<\/div>\n\t\t\t\t<\/div>\n\t\t<div class=\"elementor-element elementor-element-0b5cd0a e-flex e-con-boxed e-con e-child\" data-id=\"0b5cd0a\" data-element_type=\"container\">\n\t\t\t\t\t<div class=\"e-con-inner\">\n\t\t<div class=\"elementor-element elementor-element-55a406a e-flex e-con-boxed e-con e-child\" data-id=\"55a406a\" data-element_type=\"container\">\n\t\t\t\t\t<div class=\"e-con-inner\">\n\t\t\t\t<div class=\"elementor-element elementor-element-8e94cda elementor-widget elementor-widget-text-editor\" data-id=\"8e94cda\" data-element_type=\"widget\" data-widget_type=\"text-editor.default\">\n\t\t\t\t<div class=\"elementor-widget-container\">\n\t\t\t\t\t\t\t\t\t<h5 class=\"wp-block-heading\">IMAP Crystal<sup>\u00ae<\/sup>\u00a0conservaci\u00f3n del albaricoque con bolsas<br \/>IMAP Crystal<sup>\u00ae<\/sup>\u00a0IMAP Crystal en paquetes<sup>\u00ae<\/sup>\u00a0en paquetes<\/h5><p>25 d\u00edas de almacenamiento de albaricoques a 2 \u00b0C. 25 d\u00edas de almacenamiento de albaricoques a 1 \u00b0C.<\/p><p>IMAP Crystal<sup>\u00ae<\/sup>\u00a0IMAP Crystal en paquetes<sup>\u00ae<\/sup>\u00a0en paquetes<\/p><p>Almacenamiento de albaricoques a 1 \u00b0C durante 30 d\u00edas. Almacenamiento de albaricoques en un tamiz a 1 \u00b0C durante 30 d\u00edas.<\/p><p>+2 d\u00edas de conservaci\u00f3n<\/p><figure class=\"wp-block-image\"><\/figure><h5 class=\"wp-block-heading\">IMAP Crystal<sup>\u00ae<\/sup>\u00a0Procedimientos a tener en cuenta para obtener el mejor rendimiento de los paquetes Atmosphere<\/h5><ul><li>El albaricoque debe recolectarse a primera hora del d\u00eda. La recolecci\u00f3n debe hacerse con sumo cuidado y la fruta no debe da\u00f1arse nunca. La fruta recolectada debe transportarse r\u00e1pidamente al centro de envasado.<\/li><li>Los albaricoques llevados al centro de envasado deben someterse a un preenfriamiento r\u00e1pido con aire fuerte y conservarse en c\u00e1maras frigor\u00edficas hasta su transformaci\u00f3n.<\/li><li>Los albaricoques se deben calibrar con mucho cuidado y r\u00e1pidamente a mano.<\/li><li>Albaricoque IMAP Cristal<sup>\u00ae<\/sup>\u00a0Debe envasarse en paquetes atmosf\u00e9ricos y almacenarse para obtener el mejor rendimiento hasta que llegue a los mercados de destino. Utilice IMAP Crystal para obtener el m\u00e1ximo rendimiento del almacenamiento.<sup>\u00ae<\/sup>hable con especialistas de su organizaci\u00f3n.<\/li><\/ul>\t\t\t\t\t\t\t\t<\/div>\n\t\t\t\t<\/div>\n\t\t\t\t\t<\/div>\n\t\t\t\t<\/div>\n\t\t\t\t\t<\/div>\n\t\t\t\t<\/div>\n\t\t\t\t<\/div>\n\t\t\t\t\t<\/div>\n\t\t\t\t<\/div>\n\t\t\t\t<\/div>","protected":false},"excerpt":{"rendered":"<p>Anasayfa &#8211; Imap Crystal Kay\u0131s\u0131 Muhafazas\u0131 IMAP Crystal\u00ae\u00a0Atmosfer Paketlerinin Kay\u0131s\u0131 Muhafazas\u0131nda Sa\u011flad\u0131\u011f\u0131 Faydalar Kay\u0131s\u0131 klimakterik bir meyve olup \u00e7ok k\u0131sa s\u00fcrede h\u0131zl\u0131 bir \u015fekilde etilen \u00fcretmektedir. \u00c7e\u015fide ba\u011fl\u0131 olarak e\u011fer uygun ko\u015fullar sa\u011flanmaz ise meyvenin hasat olumu d\u00f6neminden ya\u015flanmas\u0131na kadar ge\u00e7en s\u00fcre 3-5 g\u00fcnd\u00fcr. IMAP Crystal\u00ae\u00a0atmosfer paketlerinin kay\u0131s\u0131 fizyolojisi \u00fczerine ilk etkisi depolama s\u00fcresince meyve [&hellip;]<\/p>","protected":false},"author":1,"featured_media":0,"parent":0,"menu_order":0,"comment_status":"closed","ping_status":"closed","template":"","meta":{"footnotes":""},"class_list":["post-9148","page","type-page","status-publish","hentry"],"yoast_head":"<!-- This site is optimized with the Yoast SEO plugin v24.5 - https:\/\/yoast.com\/wordpress\/plugins\/seo\/ -->\n<title>Kay\u0131s\u0131 Muhafazas\u0131 - IMAP Crystal<\/title>\n<meta name=\"robots\" content=\"index, follow, max-snippet:-1, max-image-preview:large, max-video-preview:-1\" \/>\n<link rel=\"canonical\" href=\"http:\/\/www.imapcrystal.com\/es\/conserva-de-albaricoque\/\" \/>\n<meta property=\"og:locale\" content=\"es_MX\" \/>\n<meta property=\"og:type\" content=\"article\" \/>\n<meta property=\"og:title\" content=\"Kay\u0131s\u0131 Muhafazas\u0131 - IMAP Crystal\" \/>\n<meta property=\"og:description\" content=\"Anasayfa &#8211; Imap Crystal Kay\u0131s\u0131 Muhafazas\u0131 IMAP Crystal\u00ae\u00a0Atmosfer Paketlerinin Kay\u0131s\u0131 Muhafazas\u0131nda Sa\u011flad\u0131\u011f\u0131 Faydalar Kay\u0131s\u0131 klimakterik bir meyve olup \u00e7ok k\u0131sa s\u00fcrede h\u0131zl\u0131 bir \u015fekilde etilen \u00fcretmektedir. \u00c7e\u015fide ba\u011fl\u0131 olarak e\u011fer uygun ko\u015fullar sa\u011flanmaz ise meyvenin hasat olumu d\u00f6neminden ya\u015flanmas\u0131na kadar ge\u00e7en s\u00fcre 3-5 g\u00fcnd\u00fcr. IMAP Crystal\u00ae\u00a0atmosfer paketlerinin kay\u0131s\u0131 fizyolojisi \u00fczerine ilk etkisi depolama s\u00fcresince meyve [&hellip;]\" \/>\n<meta property=\"og:url\" content=\"http:\/\/www.imapcrystal.com\/es\/conserva-de-albaricoque\/\" \/>\n<meta property=\"og:site_name\" content=\"IMAP Crystal\" \/>\n<meta property=\"article:modified_time\" content=\"2023-07-27T14:44:05+00:00\" \/>\n<meta property=\"og:image\" content=\"http:\/\/www.imapcrystal.com\/wp-content\/uploads\/2023\/07\/vpv5lnf1d008wo0o0o-1-1024x1024-2.png\" \/>\n<meta name=\"twitter:card\" content=\"summary_large_image\" \/>\n<meta name=\"twitter:label1\" content=\"Tiempo de lectura\" \/>\n\t<meta name=\"twitter:data1\" content=\"2 minutos\" \/>\n<script type=\"application\/ld+json\" class=\"yoast-schema-graph\">{\"@context\":\"https:\/\/schema.org\",\"@graph\":[{\"@type\":\"WebPage\",\"@id\":\"https:\/\/www.imapcrystal.com\/es\/conserva-de-albaricoque\/\",\"url\":\"https:\/\/www.imapcrystal.com\/es\/conserva-de-albaricoque\/\",\"name\":\"Kay\u0131s\u0131 Muhafazas\u0131 - IMAP Crystal\",\"isPartOf\":{\"@id\":\"https:\/\/www.imapcrystal.com\/en\/#website\"},\"primaryImageOfPage\":{\"@id\":\"https:\/\/www.imapcrystal.com\/es\/conserva-de-albaricoque\/#primaryimage\"},\"image\":{\"@id\":\"https:\/\/www.imapcrystal.com\/es\/conserva-de-albaricoque\/#primaryimage\"},\"thumbnailUrl\":\"http:\/\/www.imapcrystal.com\/wp-content\/uploads\/2023\/07\/vpv5lnf1d008wo0o0o-1-1024x1024-2.png\",\"datePublished\":\"2023-07-27T14:42:39+00:00\",\"dateModified\":\"2023-07-27T14:44:05+00:00\",\"breadcrumb\":{\"@id\":\"https:\/\/www.imapcrystal.com\/es\/conserva-de-albaricoque\/#breadcrumb\"},\"inLanguage\":\"es\",\"potentialAction\":[{\"@type\":\"ReadAction\",\"target\":[\"https:\/\/www.imapcrystal.com\/es\/conserva-de-albaricoque\/\"]}]},{\"@type\":\"ImageObject\",\"inLanguage\":\"es\",\"@id\":\"https:\/\/www.imapcrystal.com\/es\/conserva-de-albaricoque\/#primaryimage\",\"url\":\"http:\/\/www.imapcrystal.com\/wp-content\/uploads\/2023\/07\/vpv5lnf1d008wo0o0o-1-1024x1024-2.png\",\"contentUrl\":\"http:\/\/www.imapcrystal.com\/wp-content\/uploads\/2023\/07\/vpv5lnf1d008wo0o0o-1-1024x1024-2.png\"},{\"@type\":\"BreadcrumbList\",\"@id\":\"https:\/\/www.imapcrystal.com\/es\/conserva-de-albaricoque\/#breadcrumb\",\"itemListElement\":[{\"@type\":\"ListItem\",\"position\":1,\"name\":\"Anasayfa\",\"item\":\"https:\/\/www.imapcrystal.com\/en\/\"},{\"@type\":\"ListItem\",\"position\":2,\"name\":\"Kay\u0131s\u0131 Muhafazas\u0131\"}]},{\"@type\":\"WebSite\",\"@id\":\"https:\/\/www.imapcrystal.com\/en\/#website\",\"url\":\"https:\/\/www.imapcrystal.com\/en\/\",\"name\":\"IMAP Crystal\",\"description\":\"D\u00fcnyan\u0131n En \u015eeffaf ve Parlak Modifiye Atmosfer Paketi (MAP)\",\"publisher\":{\"@id\":\"https:\/\/www.imapcrystal.com\/en\/#organization\"},\"alternateName\":\"Modifiye Atmosfer Torba\",\"potentialAction\":[{\"@type\":\"SearchAction\",\"target\":{\"@type\":\"EntryPoint\",\"urlTemplate\":\"https:\/\/www.imapcrystal.com\/en\/?s={search_term_string}\"},\"query-input\":{\"@type\":\"PropertyValueSpecification\",\"valueRequired\":true,\"valueName\":\"search_term_string\"}}],\"inLanguage\":\"es\"},{\"@type\":\"Organization\",\"@id\":\"https:\/\/www.imapcrystal.com\/en\/#organization\",\"name\":\"IMAP Crystal\",\"url\":\"https:\/\/www.imapcrystal.com\/en\/\",\"logo\":{\"@type\":\"ImageObject\",\"inLanguage\":\"es\",\"@id\":\"https:\/\/www.imapcrystal.com\/en\/#\/schema\/logo\/image\/\",\"url\":\"https:\/\/www.imapcrystal.com\/wp-content\/uploads\/2023\/08\/logo.svg\",\"contentUrl\":\"https:\/\/www.imapcrystal.com\/wp-content\/uploads\/2023\/08\/logo.svg\",\"width\":235,\"height\":68,\"caption\":\"IMAP Crystal\"},\"image\":{\"@id\":\"https:\/\/www.imapcrystal.com\/en\/#\/schema\/logo\/image\/\"},\"sameAs\":[\"https:\/\/www.instagram.com\/imapcrystal\"]}]}<\/script>\n<!-- \/ Yoast SEO plugin. -->","yoast_head_json":{"title":"Kay\u0131s\u0131 Muhafazas\u0131 - IMAP Crystal","robots":{"index":"index","follow":"follow","max-snippet":"max-snippet:-1","max-image-preview":"max-image-preview:large","max-video-preview":"max-video-preview:-1"},"canonical":"http:\/\/www.imapcrystal.com\/es\/conserva-de-albaricoque\/","og_locale":"es_MX","og_type":"article","og_title":"Kay\u0131s\u0131 Muhafazas\u0131 - IMAP Crystal","og_description":"Anasayfa &#8211; Imap Crystal Kay\u0131s\u0131 Muhafazas\u0131 IMAP Crystal\u00ae\u00a0Atmosfer Paketlerinin Kay\u0131s\u0131 Muhafazas\u0131nda Sa\u011flad\u0131\u011f\u0131 Faydalar Kay\u0131s\u0131 klimakterik bir meyve olup \u00e7ok k\u0131sa s\u00fcrede h\u0131zl\u0131 bir \u015fekilde etilen \u00fcretmektedir. \u00c7e\u015fide ba\u011fl\u0131 olarak e\u011fer uygun ko\u015fullar sa\u011flanmaz ise meyvenin hasat olumu d\u00f6neminden ya\u015flanmas\u0131na kadar ge\u00e7en s\u00fcre 3-5 g\u00fcnd\u00fcr. IMAP Crystal\u00ae\u00a0atmosfer paketlerinin kay\u0131s\u0131 fizyolojisi \u00fczerine ilk etkisi depolama s\u00fcresince meyve [&hellip;]","og_url":"http:\/\/www.imapcrystal.com\/es\/conserva-de-albaricoque\/","og_site_name":"IMAP Crystal","article_modified_time":"2023-07-27T14:44:05+00:00","og_image":[{"url":"http:\/\/www.imapcrystal.com\/wp-content\/uploads\/2023\/07\/vpv5lnf1d008wo0o0o-1-1024x1024-2.png","type":"","width":"","height":""}],"twitter_card":"summary_large_image","twitter_misc":{"Tiempo de lectura":"2 minutos"},"schema":{"@context":"https:\/\/schema.org","@graph":[{"@type":"WebPage","@id":"https:\/\/www.imapcrystal.com\/es\/conserva-de-albaricoque\/","url":"https:\/\/www.imapcrystal.com\/es\/conserva-de-albaricoque\/","name":"Kay\u0131s\u0131 Muhafazas\u0131 - IMAP Crystal","isPartOf":{"@id":"https:\/\/www.imapcrystal.com\/en\/#website"},"primaryImageOfPage":{"@id":"https:\/\/www.imapcrystal.com\/es\/conserva-de-albaricoque\/#primaryimage"},"image":{"@id":"https:\/\/www.imapcrystal.com\/es\/conserva-de-albaricoque\/#primaryimage"},"thumbnailUrl":"http:\/\/www.imapcrystal.com\/wp-content\/uploads\/2023\/07\/vpv5lnf1d008wo0o0o-1-1024x1024-2.png","datePublished":"2023-07-27T14:42:39+00:00","dateModified":"2023-07-27T14:44:05+00:00","breadcrumb":{"@id":"https:\/\/www.imapcrystal.com\/es\/conserva-de-albaricoque\/#breadcrumb"},"inLanguage":"es","potentialAction":[{"@type":"ReadAction","target":["https:\/\/www.imapcrystal.com\/es\/conserva-de-albaricoque\/"]}]},{"@type":"ImageObject","inLanguage":"es","@id":"https:\/\/www.imapcrystal.com\/es\/conserva-de-albaricoque\/#primaryimage","url":"http:\/\/www.imapcrystal.com\/wp-content\/uploads\/2023\/07\/vpv5lnf1d008wo0o0o-1-1024x1024-2.png","contentUrl":"http:\/\/www.imapcrystal.com\/wp-content\/uploads\/2023\/07\/vpv5lnf1d008wo0o0o-1-1024x1024-2.png"},{"@type":"BreadcrumbList","@id":"https:\/\/www.imapcrystal.com\/es\/conserva-de-albaricoque\/#breadcrumb","itemListElement":[{"@type":"ListItem","position":1,"name":"Anasayfa","item":"https:\/\/www.imapcrystal.com\/en\/"},{"@type":"ListItem","position":2,"name":"Kay\u0131s\u0131 Muhafazas\u0131"}]},{"@type":"WebSite","@id":"https:\/\/www.imapcrystal.com\/en\/#website","url":"https:\/\/www.imapcrystal.com\/en\/","name":"IMAP Crystal","description":"D\u00fcnyan\u0131n En \u015eeffaf ve Parlak Modifiye Atmosfer Paketi (MAP)","publisher":{"@id":"https:\/\/www.imapcrystal.com\/en\/#organization"},"alternateName":"Modifiye Atmosfer Torba","potentialAction":[{"@type":"SearchAction","target":{"@type":"EntryPoint","urlTemplate":"https:\/\/www.imapcrystal.com\/en\/?s={search_term_string}"},"query-input":{"@type":"PropertyValueSpecification","valueRequired":true,"valueName":"search_term_string"}}],"inLanguage":"es"},{"@type":"Organization","@id":"https:\/\/www.imapcrystal.com\/en\/#organization","name":"IMAP Crystal","url":"https:\/\/www.imapcrystal.com\/en\/","logo":{"@type":"ImageObject","inLanguage":"es","@id":"https:\/\/www.imapcrystal.com\/en\/#\/schema\/logo\/image\/","url":"https:\/\/www.imapcrystal.com\/wp-content\/uploads\/2023\/08\/logo.svg","contentUrl":"https:\/\/www.imapcrystal.com\/wp-content\/uploads\/2023\/08\/logo.svg","width":235,"height":68,"caption":"IMAP Crystal"},"image":{"@id":"https:\/\/www.imapcrystal.com\/en\/#\/schema\/logo\/image\/"},"sameAs":["https:\/\/www.instagram.com\/imapcrystal"]}]}},"_links":{"self":[{"href":"http:\/\/www.imapcrystal.com\/es\/wp-json\/wp\/v2\/pages\/9148","targetHints":{"allow":["GET"]}}],"collection":[{"href":"http:\/\/www.imapcrystal.com\/es\/wp-json\/wp\/v2\/pages"}],"about":[{"href":"http:\/\/www.imapcrystal.com\/es\/wp-json\/wp\/v2\/types\/page"}],"author":[{"embeddable":true,"href":"http:\/\/www.imapcrystal.com\/es\/wp-json\/wp\/v2\/users\/1"}],"replies":[{"embeddable":true,"href":"http:\/\/www.imapcrystal.com\/es\/wp-json\/wp\/v2\/comments?post=9148"}],"version-history":[{"count":0,"href":"http:\/\/www.imapcrystal.com\/es\/wp-json\/wp\/v2\/pages\/9148\/revisions"}],"wp:attachment":[{"href":"http:\/\/www.imapcrystal.com\/es\/wp-json\/wp\/v2\/media?parent=9148"}],"curies":[{"name":"wp","href":"https:\/\/api.w.org\/{rel}","templated":true}]}}