{"id":9039,"date":"2023-07-26T14:15:48","date_gmt":"2023-07-26T11:15:48","guid":{"rendered":"https:\/\/www.imapcrystal.com\/?page_id=9039"},"modified":"2023-07-27T17:58:03","modified_gmt":"2023-07-27T14:58:03","slug":"uzum-muhafazasi","status":"publish","type":"page","link":"http:\/\/www.imapcrystal.com\/es\/conservacion-de-la-uva\/","title":{"rendered":"Conservaci\u00f3n de la uva"},"content":{"rendered":"<div data-elementor-type=\"wp-page\" data-elementor-id=\"9039\" class=\"elementor elementor-9039\">\n\t\t\t\t<div class=\"elementor-element elementor-element-262c074 e-flex e-con-boxed e-con e-parent\" data-id=\"262c074\" data-element_type=\"container\" data-settings=\"{&quot;background_background&quot;:&quot;classic&quot;}\">\n\t\t\t\t\t<div class=\"e-con-inner\">\n\t\t<div class=\"elementor-element elementor-element-74170eb e-con-full e-flex e-con e-child\" data-id=\"74170eb\" data-element_type=\"container\" data-settings=\"{&quot;background_background&quot;:&quot;classic&quot;}\">\n\t\t\t\t<div class=\"elementor-element elementor-element-59f5421 elementor-widget elementor-widget-hub_fancy_heading\" data-id=\"59f5421\" data-element_type=\"widget\" data-widget_type=\"hub_fancy_heading.default\">\n\t\t\t\t<div class=\"elementor-widget-container\">\n\t\t\t\t\t\n\t\t<div id=\"ld-fancy-heading-69f4ef8168d10\" class=\"ld-fancy-heading pos-rel\">\n\t\t\t\t\t<\/div>\n\n\t\t\t\t\t\t<\/div>\n\t\t\t\t<\/div>\n\t\t\t\t<div class=\"elementor-element elementor-element-b73fe53 elementor-widget elementor-widget-ld_breadcrumb\" data-id=\"b73fe53\" data-element_type=\"widget\" data-widget_type=\"ld_breadcrumb.default\">\n\t\t\t\t<div class=\"elementor-widget-container\">\n\t\t\t\t\t<div class=\"lqd-breadcrumb-wrapper\"><nav role=\"navigation\" aria-label=\"Breadcrumbs\" class=\"breadcrumbs\"><ol class=\"breadcrumb reset-ul inline-nav inline-ul comma-sep-li\"><li class=\"breadcrumb-item active\"><a href=\"http:\/\/www.imapcrystal.com\/es\" rel=\"home\"><span>Home<\/span><\/a><\/li><\/ol><\/nav><\/div>\t\t\t\t<\/div>\n\t\t\t\t<\/div>\n\t\t\t\t<\/div>\n\t\t\t\t\t<\/div>\n\t\t\t\t<\/div>\n\t\t<div data-custom-animations=\"true\" data-ca-options=\"{&quot;addChildTimelines&quot;:false,&quot;animationTarget&quot;:&quot;:scope .e-con-inner &gt; .elementor-element:not(.lqd-exclude-parent-ca) &gt; .elementor-widget-container, :scope .e-con-inner &gt; .elementor-widget-hub_fancy_heading .lqd-split-lines .lqd-lines .split-inner, :scope .e-con-inner &gt; .elementor-widget-hub_fancy_heading .lqd-split-words .lqd-words .split-inner, :scope .e-con-inner &gt; .elementor-widget-hub_fancy_heading .lqd-split-chars .lqd-chars .split-inner, :scope .e-con-inner &gt; .elementor-widget-hub_fancy_heading .lqd-adv-txt-fig, :scope .e-con-inner &gt; .elementor-widget-ld_custom_menu .lqd-fancy-menu &gt; ul &gt; li, :scope .e-con:not([data-parallax]) .e-con-inner &gt; .elementor-element &gt; .elementor-widget-container, :scope .e-con:not([data-parallax]) .e-con-inner &gt; .elementor-widget-hub_fancy_heading .lqd-split-lines .lqd-lines .split-inner, :scope .e-con:not([data-parallax]) .e-con-inner &gt; .elementor-widget-hub_fancy_heading .lqd-split-words .lqd-words .split-inner, :scope .e-con:not([data-parallax]) .e-con-inner &gt; .elementor-widget-hub_fancy_heading .lqd-split-chars .lqd-chars .split-inner, :scope .e-con:not([data-parallax]) .e-con-inner &gt; .elementor-widget-ld_custom_menu .lqd-fancy-menu &gt; ul &gt; li&quot;,&quot;ease&quot;:[&quot;power4.out&quot;],&quot;initValues&quot;:{&quot;y&quot;:&quot;45px&quot;,&quot;scaleX&quot;:1.2,&quot;scaleY&quot;:1.2,&quot;opacity&quot;:0},&quot;animations&quot;:{&quot;y&quot;:&quot;0px&quot;,&quot;scaleX&quot;:1,&quot;scaleY&quot;:1,&quot;opacity&quot;:1}}\" class=\"elementor-element elementor-element-80301be e-flex e-con-boxed e-con e-parent\" data-id=\"80301be\" data-element_type=\"container\" data-settings=\"{&quot;background_background&quot;:&quot;classic&quot;}\">\n\t\t\t\t\t<div class=\"e-con-inner\">\n\t\t<div class=\"elementor-element elementor-element-c64b8be e-con-full e-flex e-con e-child\" data-id=\"c64b8be\" data-element_type=\"container\">\n\t\t<div class=\"elementor-element elementor-element-0d0eb89 e-flex e-con-boxed e-con e-child\" data-id=\"0d0eb89\" data-element_type=\"container\">\n\t\t\t\t\t<div class=\"e-con-inner\">\n\t\t<div class=\"elementor-element elementor-element-b9e298e e-flex e-con-boxed e-con e-child\" data-id=\"b9e298e\" data-element_type=\"container\">\n\t\t\t\t\t<div class=\"e-con-inner\">\n\t\t\t\t<div class=\"elementor-element elementor-element-8198266 elementor-widget elementor-widget-hub_fancy_heading\" data-id=\"8198266\" data-element_type=\"widget\" data-widget_type=\"hub_fancy_heading.default\">\n\t\t\t\t<div class=\"elementor-widget-container\">\n\t\t\t\t\t\n\t\t<div id=\"ld-fancy-heading-69f4ef816b93b\" class=\"ld-fancy-heading pos-rel\">\n\t\t\t<p class=\"ld-fh-element d-inline-block pos-rel  lqd-highlight-classic lqd-highlight-grow-left p\"  > - Imap Cristal<\/p>\t\t<\/div>\n\n\t\t\t\t\t\t<\/div>\n\t\t\t\t<\/div>\n\t\t\t\t<div class=\"elementor-element elementor-element-7f7ed08 elementor-widget elementor-widget-hub_fancy_heading\" data-id=\"7f7ed08\" data-element_type=\"widget\" data-widget_type=\"hub_fancy_heading.default\">\n\t\t\t\t<div class=\"elementor-widget-container\">\n\t\t\t\t\t\n\t\t<div id=\"ld-fancy-heading-69f4ef816c237\" class=\"ld-fancy-heading pos-rel\">\n\t\t\t<h3 class=\"ld-fh-element d-inline-block pos-rel  elementor-heading-title ld-gradient-heading lqd-highlight-classic lqd-highlight-grow-left h3\"  > Conservaci\u00f3n de la uva<\/h3>\t\t<\/div>\n\n\t\t\t\t\t\t<\/div>\n\t\t\t\t<\/div>\n\t\t\t\t<div class=\"elementor-element elementor-element-ab4830a elementor-widget elementor-widget-text-editor\" data-id=\"ab4830a\" data-element_type=\"widget\" data-widget_type=\"text-editor.default\">\n\t\t\t\t<div class=\"elementor-widget-container\">\n\t\t\t\t\t\t\t\t\t<h5 class=\"wp-block-heading\">IMAP Crystal<sup>\u00ae<\/sup>Envases de uva<\/h5><ul><li>IMAP Crystal<sup>\u00ae<\/sup>Se ha desarrollado un paquete de atm\u00f3sfera modificada para resolver los problemas encontrados en la conservaci\u00f3n de la uva con un sistema de desarrollo de soluciones centrado en las necesidades del cliente.<\/li><\/ul><h5 class=\"wp-block-heading\">IMAP Crystal<sup>\u00ae<\/sup><\/h5><ul><li>IMAP Crystal<sup>\u00ae<\/sup>\u00a0Se trata de un envase desarrollado para proteger las uvas cosechadas durante su preparaci\u00f3n y transporte al mercado.<\/li><li>IMAP Crystal<sup>\u00ae<\/sup>\u00a0Las uvas almacenadas en paquetes pueden conservarse en c\u00e1mara frigor\u00edfica durante 3-4 semanas de forma muy saludable.<\/li><\/ul>\t\t\t\t\t\t\t\t<\/div>\n\t\t\t\t<\/div>\n\t\t\t\t\t<\/div>\n\t\t\t\t<\/div>\n\t\t<div class=\"lqd-css-sticky elementor-element elementor-element-738b079 e-flex e-con-boxed e-con e-child\" style=\"top: auto; top: 120px;\" data-id=\"738b079\" data-element_type=\"container\">\n\t\t\t\t\t<div class=\"e-con-inner\">\n\t\t\t\t<div class=\"elementor-element elementor-element-57ebdd1 elementor-widget__width-initial elementor-widget elementor-widget-ld_fancy_image\" data-id=\"57ebdd1\" data-element_type=\"widget\" data-widget_type=\"ld_fancy_image.default\">\n\t\t\t\t<div class=\"elementor-widget-container\">\n\t\t\t\t\t\n\t\t<div class=\"lqd-imggrp-single d-block pos-rel perspective\" data-hover3d=\"true\">\n\t\t\t<div class=\"lqd-imggrp-img-container d-inline-flex pos-rel align-items-center justify-content-center transform-style-3d\">\n\t\t\t\t\t\t\t\t<figure class=\"w-100 pos-rel\" data-stacking-factor=\"1\">\n\t\t\t\t\t<img fetchpriority=\"high\" decoding=\"async\" width=\"1024\" height=\"1024\" src=\"http:\/\/www.imapcrystal.com\/wp-content\/uploads\/2023\/07\/apzrlluknqgo4k4gk-1-1024x1024-1.png\" class=\"attachment-full size-full wp-image-8877\" alt=\"\" srcset=\"http:\/\/www.imapcrystal.com\/wp-content\/uploads\/2023\/07\/apzrlluknqgo4k4gk-1-1024x1024-1.png 1024w, http:\/\/www.imapcrystal.com\/wp-content\/uploads\/2023\/07\/apzrlluknqgo4k4gk-1-1024x1024-1-300x300.png 300w, http:\/\/www.imapcrystal.com\/wp-content\/uploads\/2023\/07\/apzrlluknqgo4k4gk-1-1024x1024-1-150x150.png 150w, http:\/\/www.imapcrystal.com\/wp-content\/uploads\/2023\/07\/apzrlluknqgo4k4gk-1-1024x1024-1-320x320.png 320w, http:\/\/www.imapcrystal.com\/wp-content\/uploads\/2023\/07\/apzrlluknqgo4k4gk-1-1024x1024-1-760x760.png 760w, http:\/\/www.imapcrystal.com\/wp-content\/uploads\/2023\/07\/apzrlluknqgo4k4gk-1-1024x1024-1-12x12.png 12w\" sizes=\"(max-width: 1024px) 100vw, 1024px\" itemprop=\"image\" \/>\t\t\t\t\t\t\t\t\t\t\t\t\t\t\t\t\t\t\t\t\t\t\t\t\t\t\t\t\t<\/figure>\n\t\t\t<\/div>\n\t\t<\/div>\n\n\t\t\t\t\t<\/div>\n\t\t\t\t<\/div>\n\t\t\t\t\t<\/div>\n\t\t\t\t<\/div>\n\t\t\t\t\t<\/div>\n\t\t\t\t<\/div>\n\t\t<div class=\"elementor-element elementor-element-779e73d e-flex e-con-boxed e-con e-child\" data-id=\"779e73d\" data-element_type=\"container\">\n\t\t\t\t\t<div class=\"e-con-inner\">\n\t\t<div class=\"elementor-element elementor-element-fa32a57 e-flex e-con-boxed e-con e-child\" data-id=\"fa32a57\" data-element_type=\"container\">\n\t\t\t\t\t<div class=\"e-con-inner\">\n\t\t\t\t<div class=\"elementor-element elementor-element-03ae01b elementor-widget elementor-widget-text-editor\" data-id=\"03ae01b\" data-element_type=\"widget\" data-widget_type=\"text-editor.default\">\n\t\t\t\t<div class=\"elementor-widget-container\">\n\t\t\t\t\t\t\t\t\t<h5 class=\"wp-block-heading\">Por qu\u00e9 IMAP Crystal<sup>\u00ae<\/sup>\u00bfEs necesario?<\/h5><ul><li>Las empresas exportadoras de uva siguen dos v\u00edas diferentes. En la primera, la empresa exportadora exporta las uvas cosechadas especialmente en las primeras semanas de la temporada, si las condiciones del mercado son favorables, sin ponerlas en ning\u00fan envase y sin utilizar ning\u00fan papel de protecci\u00f3n.<\/li><\/ul><p><em>IMAP Crystal\u00aeenvasado a 1\u00b0C durante 2 semanas \/ envase abierto a 1\u00b0C durante 2 semanas<\/em><\/p><h5 class=\"wp-block-heading\">Problemas encontrados en el env\u00edo r\u00e1pido<\/h5><ul><li>P\u00e9rdida de peso en el grano,<\/li><li>Ablandamiento de los granos,<\/li><li>Aumento del granulado y de los vertidos,<\/li><li>Envejecimiento r\u00e1pido y susceptibilidad a la caries,<\/li><li>Vida \u00fatil corta.<\/li><\/ul><h5 class=\"wp-block-heading\">IMAP Crystal<sup>\u00ae<\/sup>\u00a0\u00bfCu\u00e1l es el beneficio?<\/h5><ul><li>Los problemas que surgen en la expedici\u00f3n r\u00e1pida reducen el valor de mercado del producto y limitan las oportunidades de exportaci\u00f3n.<\/li><li>IMAP Crystal<sup>\u00ae<\/sup>\u00a0se elimina completamente la desecaci\u00f3n y el oscurecimiento de los raspones, pedicelos y esqueleto de las uvas almacenadas en los envases<\/li><li>Se minimiza la p\u00e9rdida de peso, se reduce la granulaci\u00f3n, se evita la putrefacci\u00f3n y se aumenta la vida \u00fatil del producto, que llega al mercado de destino con la misma calidad con la que se cosech\u00f3.<\/li><\/ul><h5 class=\"wp-block-heading\">IMAP Crystal<sup>\u00ae<\/sup>\u00a0Mecanismo de acci\u00f3n<\/h5><p>IMAP Crystal<sup>\u00ae<\/sup>\u00a0Utiliza simult\u00e1neamente 3 mecanismos de acci\u00f3n diferentes para proteger sus uvas.<\/p><ol><li>Equilibra de forma \u00f3ptima la concentraci\u00f3n de O2 y CO2 en el envase y evita el envejecimiento del producto.<\/li><li>Optimiza la humedad del envase y evita la desecaci\u00f3n y el pardeamiento que pueden producirse en el ped\u00fanculo, el esqueleto y los granos del producto.<\/li><li>Gracias a sus propiedades antimicrobianas, protege el producto evitando los microorganismos que causan la caries.<\/li><\/ol><p><em>IMAP Crystal<sup>\u00ae<\/sup>\u00a0Vista general de las uvas almacenadas en el envase a 1\u00b0C durante 2 semanas<\/em><\/p>\t\t\t\t\t\t\t\t<\/div>\n\t\t\t\t<\/div>\n\t\t\t\t\t<\/div>\n\t\t\t\t<\/div>\n\t\t\t\t\t<\/div>\n\t\t\t\t<\/div>\n\t\t\t\t<\/div>\n\t\t\t\t\t<\/div>\n\t\t\t\t<\/div>\n\t\t\t\t<\/div>","protected":false},"excerpt":{"rendered":"<p>Anasayfa &#8211; Imap Crystal \u00dcz\u00fcm Muhafazas\u0131 IMAP Crystal\u00ae\u00dcz\u00fcm Paketleri IMAP Crystal\u00aem\u00fc\u015fteri ihtiya\u00e7lar\u0131na odakl\u0131 \u00e7\u00f6z\u00fcm geli\u015ftirme sistemi ile \u00fcz\u00fcm muhafazas\u0131nda kar\u015f\u0131la\u015f\u0131lan sorunlar\u0131n \u00e7\u00f6z\u00fcm\u00fc i\u00e7in modifiye atmosfer paket geli\u015ftirilmi\u015ftir. IMAP Crystal\u00ae IMAP Crystal\u00ae\u00a0hasat edilen \u00fcz\u00fcmlerin pazara haz\u0131rl\u0131k ve nakliyesi s\u0131ras\u0131nda \u00fcr\u00fcn\u00fcn korunmas\u0131 amac\u0131 ile geli\u015ftirilmi\u015f bir pakettir. IMAP Crystal\u00ae\u00a0paketleri i\u00e7inde muhafaza edilen \u00fcz\u00fcmler so\u011fuk depolarda 3-4 haftal\u0131k [&hellip;]<\/p>","protected":false},"author":1,"featured_media":0,"parent":0,"menu_order":0,"comment_status":"closed","ping_status":"closed","template":"","meta":{"footnotes":""},"class_list":["post-9039","page","type-page","status-publish","hentry"],"yoast_head":"<!-- This site is optimized with the Yoast SEO plugin v24.5 - https:\/\/yoast.com\/wordpress\/plugins\/seo\/ -->\n<title>\u00dcz\u00fcm Muhafazas\u0131 - IMAP Crystal<\/title>\n<meta name=\"robots\" content=\"index, follow, max-snippet:-1, max-image-preview:large, max-video-preview:-1\" \/>\n<link rel=\"canonical\" href=\"http:\/\/www.imapcrystal.com\/es\/conservacion-de-la-uva\/\" \/>\n<meta property=\"og:locale\" content=\"es_MX\" \/>\n<meta property=\"og:type\" content=\"article\" \/>\n<meta property=\"og:title\" content=\"\u00dcz\u00fcm Muhafazas\u0131 - IMAP Crystal\" \/>\n<meta property=\"og:description\" content=\"Anasayfa &#8211; Imap Crystal \u00dcz\u00fcm Muhafazas\u0131 IMAP Crystal\u00ae\u00dcz\u00fcm Paketleri IMAP Crystal\u00aem\u00fc\u015fteri ihtiya\u00e7lar\u0131na odakl\u0131 \u00e7\u00f6z\u00fcm geli\u015ftirme sistemi ile \u00fcz\u00fcm muhafazas\u0131nda kar\u015f\u0131la\u015f\u0131lan sorunlar\u0131n \u00e7\u00f6z\u00fcm\u00fc i\u00e7in modifiye atmosfer paket geli\u015ftirilmi\u015ftir. IMAP Crystal\u00ae IMAP Crystal\u00ae\u00a0hasat edilen \u00fcz\u00fcmlerin pazara haz\u0131rl\u0131k ve nakliyesi s\u0131ras\u0131nda \u00fcr\u00fcn\u00fcn korunmas\u0131 amac\u0131 ile geli\u015ftirilmi\u015f bir pakettir. IMAP Crystal\u00ae\u00a0paketleri i\u00e7inde muhafaza edilen \u00fcz\u00fcmler so\u011fuk depolarda 3-4 haftal\u0131k [&hellip;]\" \/>\n<meta property=\"og:url\" content=\"http:\/\/www.imapcrystal.com\/es\/conservacion-de-la-uva\/\" \/>\n<meta property=\"og:site_name\" content=\"IMAP Crystal\" \/>\n<meta property=\"article:modified_time\" content=\"2023-07-27T14:58:03+00:00\" \/>\n<meta property=\"og:image\" content=\"http:\/\/www.imapcrystal.com\/wp-content\/uploads\/2023\/07\/apzrlluknqgo4k4gk-1-1024x1024-1.png\" \/>\n<meta name=\"twitter:card\" content=\"summary_large_image\" \/>\n<meta name=\"twitter:label1\" content=\"Tiempo de lectura\" \/>\n\t<meta name=\"twitter:data1\" content=\"2 minutos\" \/>\n<script type=\"application\/ld+json\" class=\"yoast-schema-graph\">{\"@context\":\"https:\/\/schema.org\",\"@graph\":[{\"@type\":\"WebPage\",\"@id\":\"https:\/\/www.imapcrystal.com\/es\/conservacion-de-la-uva\/\",\"url\":\"https:\/\/www.imapcrystal.com\/es\/conservacion-de-la-uva\/\",\"name\":\"\u00dcz\u00fcm Muhafazas\u0131 - IMAP Crystal\",\"isPartOf\":{\"@id\":\"https:\/\/www.imapcrystal.com\/en\/#website\"},\"primaryImageOfPage\":{\"@id\":\"https:\/\/www.imapcrystal.com\/es\/conservacion-de-la-uva\/#primaryimage\"},\"image\":{\"@id\":\"https:\/\/www.imapcrystal.com\/es\/conservacion-de-la-uva\/#primaryimage\"},\"thumbnailUrl\":\"http:\/\/www.imapcrystal.com\/wp-content\/uploads\/2023\/07\/apzrlluknqgo4k4gk-1-1024x1024-1.png\",\"datePublished\":\"2023-07-26T11:15:48+00:00\",\"dateModified\":\"2023-07-27T14:58:03+00:00\",\"breadcrumb\":{\"@id\":\"https:\/\/www.imapcrystal.com\/es\/conservacion-de-la-uva\/#breadcrumb\"},\"inLanguage\":\"es\",\"potentialAction\":[{\"@type\":\"ReadAction\",\"target\":[\"https:\/\/www.imapcrystal.com\/es\/conservacion-de-la-uva\/\"]}]},{\"@type\":\"ImageObject\",\"inLanguage\":\"es\",\"@id\":\"https:\/\/www.imapcrystal.com\/es\/conservacion-de-la-uva\/#primaryimage\",\"url\":\"http:\/\/www.imapcrystal.com\/wp-content\/uploads\/2023\/07\/apzrlluknqgo4k4gk-1-1024x1024-1.png\",\"contentUrl\":\"http:\/\/www.imapcrystal.com\/wp-content\/uploads\/2023\/07\/apzrlluknqgo4k4gk-1-1024x1024-1.png\"},{\"@type\":\"BreadcrumbList\",\"@id\":\"https:\/\/www.imapcrystal.com\/es\/conservacion-de-la-uva\/#breadcrumb\",\"itemListElement\":[{\"@type\":\"ListItem\",\"position\":1,\"name\":\"Anasayfa\",\"item\":\"https:\/\/www.imapcrystal.com\/en\/\"},{\"@type\":\"ListItem\",\"position\":2,\"name\":\"\u00dcz\u00fcm Muhafazas\u0131\"}]},{\"@type\":\"WebSite\",\"@id\":\"https:\/\/www.imapcrystal.com\/en\/#website\",\"url\":\"https:\/\/www.imapcrystal.com\/en\/\",\"name\":\"IMAP Crystal\",\"description\":\"D\u00fcnyan\u0131n En \u015eeffaf ve Parlak Modifiye Atmosfer Paketi (MAP)\",\"publisher\":{\"@id\":\"https:\/\/www.imapcrystal.com\/en\/#organization\"},\"alternateName\":\"Modifiye Atmosfer Torba\",\"potentialAction\":[{\"@type\":\"SearchAction\",\"target\":{\"@type\":\"EntryPoint\",\"urlTemplate\":\"https:\/\/www.imapcrystal.com\/en\/?s={search_term_string}\"},\"query-input\":{\"@type\":\"PropertyValueSpecification\",\"valueRequired\":true,\"valueName\":\"search_term_string\"}}],\"inLanguage\":\"es\"},{\"@type\":\"Organization\",\"@id\":\"https:\/\/www.imapcrystal.com\/en\/#organization\",\"name\":\"IMAP Crystal\",\"url\":\"https:\/\/www.imapcrystal.com\/en\/\",\"logo\":{\"@type\":\"ImageObject\",\"inLanguage\":\"es\",\"@id\":\"https:\/\/www.imapcrystal.com\/en\/#\/schema\/logo\/image\/\",\"url\":\"https:\/\/www.imapcrystal.com\/wp-content\/uploads\/2023\/08\/logo.svg\",\"contentUrl\":\"https:\/\/www.imapcrystal.com\/wp-content\/uploads\/2023\/08\/logo.svg\",\"width\":235,\"height\":68,\"caption\":\"IMAP Crystal\"},\"image\":{\"@id\":\"https:\/\/www.imapcrystal.com\/en\/#\/schema\/logo\/image\/\"},\"sameAs\":[\"https:\/\/www.instagram.com\/imapcrystal\"]}]}<\/script>\n<!-- \/ Yoast SEO plugin. -->","yoast_head_json":{"title":"\u00dcz\u00fcm Muhafazas\u0131 - IMAP Crystal","robots":{"index":"index","follow":"follow","max-snippet":"max-snippet:-1","max-image-preview":"max-image-preview:large","max-video-preview":"max-video-preview:-1"},"canonical":"http:\/\/www.imapcrystal.com\/es\/conservacion-de-la-uva\/","og_locale":"es_MX","og_type":"article","og_title":"\u00dcz\u00fcm Muhafazas\u0131 - IMAP Crystal","og_description":"Anasayfa &#8211; Imap Crystal \u00dcz\u00fcm Muhafazas\u0131 IMAP Crystal\u00ae\u00dcz\u00fcm Paketleri IMAP Crystal\u00aem\u00fc\u015fteri ihtiya\u00e7lar\u0131na odakl\u0131 \u00e7\u00f6z\u00fcm geli\u015ftirme sistemi ile \u00fcz\u00fcm muhafazas\u0131nda kar\u015f\u0131la\u015f\u0131lan sorunlar\u0131n \u00e7\u00f6z\u00fcm\u00fc i\u00e7in modifiye atmosfer paket geli\u015ftirilmi\u015ftir. IMAP Crystal\u00ae IMAP Crystal\u00ae\u00a0hasat edilen \u00fcz\u00fcmlerin pazara haz\u0131rl\u0131k ve nakliyesi s\u0131ras\u0131nda \u00fcr\u00fcn\u00fcn korunmas\u0131 amac\u0131 ile geli\u015ftirilmi\u015f bir pakettir. IMAP Crystal\u00ae\u00a0paketleri i\u00e7inde muhafaza edilen \u00fcz\u00fcmler so\u011fuk depolarda 3-4 haftal\u0131k [&hellip;]","og_url":"http:\/\/www.imapcrystal.com\/es\/conservacion-de-la-uva\/","og_site_name":"IMAP Crystal","article_modified_time":"2023-07-27T14:58:03+00:00","og_image":[{"url":"http:\/\/www.imapcrystal.com\/wp-content\/uploads\/2023\/07\/apzrlluknqgo4k4gk-1-1024x1024-1.png","type":"","width":"","height":""}],"twitter_card":"summary_large_image","twitter_misc":{"Tiempo de lectura":"2 minutos"},"schema":{"@context":"https:\/\/schema.org","@graph":[{"@type":"WebPage","@id":"https:\/\/www.imapcrystal.com\/es\/conservacion-de-la-uva\/","url":"https:\/\/www.imapcrystal.com\/es\/conservacion-de-la-uva\/","name":"\u00dcz\u00fcm Muhafazas\u0131 - IMAP Crystal","isPartOf":{"@id":"https:\/\/www.imapcrystal.com\/en\/#website"},"primaryImageOfPage":{"@id":"https:\/\/www.imapcrystal.com\/es\/conservacion-de-la-uva\/#primaryimage"},"image":{"@id":"https:\/\/www.imapcrystal.com\/es\/conservacion-de-la-uva\/#primaryimage"},"thumbnailUrl":"http:\/\/www.imapcrystal.com\/wp-content\/uploads\/2023\/07\/apzrlluknqgo4k4gk-1-1024x1024-1.png","datePublished":"2023-07-26T11:15:48+00:00","dateModified":"2023-07-27T14:58:03+00:00","breadcrumb":{"@id":"https:\/\/www.imapcrystal.com\/es\/conservacion-de-la-uva\/#breadcrumb"},"inLanguage":"es","potentialAction":[{"@type":"ReadAction","target":["https:\/\/www.imapcrystal.com\/es\/conservacion-de-la-uva\/"]}]},{"@type":"ImageObject","inLanguage":"es","@id":"https:\/\/www.imapcrystal.com\/es\/conservacion-de-la-uva\/#primaryimage","url":"http:\/\/www.imapcrystal.com\/wp-content\/uploads\/2023\/07\/apzrlluknqgo4k4gk-1-1024x1024-1.png","contentUrl":"http:\/\/www.imapcrystal.com\/wp-content\/uploads\/2023\/07\/apzrlluknqgo4k4gk-1-1024x1024-1.png"},{"@type":"BreadcrumbList","@id":"https:\/\/www.imapcrystal.com\/es\/conservacion-de-la-uva\/#breadcrumb","itemListElement":[{"@type":"ListItem","position":1,"name":"Anasayfa","item":"https:\/\/www.imapcrystal.com\/en\/"},{"@type":"ListItem","position":2,"name":"\u00dcz\u00fcm Muhafazas\u0131"}]},{"@type":"WebSite","@id":"https:\/\/www.imapcrystal.com\/en\/#website","url":"https:\/\/www.imapcrystal.com\/en\/","name":"IMAP Crystal","description":"D\u00fcnyan\u0131n En \u015eeffaf ve Parlak Modifiye Atmosfer Paketi (MAP)","publisher":{"@id":"https:\/\/www.imapcrystal.com\/en\/#organization"},"alternateName":"Modifiye Atmosfer Torba","potentialAction":[{"@type":"SearchAction","target":{"@type":"EntryPoint","urlTemplate":"https:\/\/www.imapcrystal.com\/en\/?s={search_term_string}"},"query-input":{"@type":"PropertyValueSpecification","valueRequired":true,"valueName":"search_term_string"}}],"inLanguage":"es"},{"@type":"Organization","@id":"https:\/\/www.imapcrystal.com\/en\/#organization","name":"IMAP Crystal","url":"https:\/\/www.imapcrystal.com\/en\/","logo":{"@type":"ImageObject","inLanguage":"es","@id":"https:\/\/www.imapcrystal.com\/en\/#\/schema\/logo\/image\/","url":"https:\/\/www.imapcrystal.com\/wp-content\/uploads\/2023\/08\/logo.svg","contentUrl":"https:\/\/www.imapcrystal.com\/wp-content\/uploads\/2023\/08\/logo.svg","width":235,"height":68,"caption":"IMAP Crystal"},"image":{"@id":"https:\/\/www.imapcrystal.com\/en\/#\/schema\/logo\/image\/"},"sameAs":["https:\/\/www.instagram.com\/imapcrystal"]}]}},"_links":{"self":[{"href":"http:\/\/www.imapcrystal.com\/es\/wp-json\/wp\/v2\/pages\/9039","targetHints":{"allow":["GET"]}}],"collection":[{"href":"http:\/\/www.imapcrystal.com\/es\/wp-json\/wp\/v2\/pages"}],"about":[{"href":"http:\/\/www.imapcrystal.com\/es\/wp-json\/wp\/v2\/types\/page"}],"author":[{"embeddable":true,"href":"http:\/\/www.imapcrystal.com\/es\/wp-json\/wp\/v2\/users\/1"}],"replies":[{"embeddable":true,"href":"http:\/\/www.imapcrystal.com\/es\/wp-json\/wp\/v2\/comments?post=9039"}],"version-history":[{"count":0,"href":"http:\/\/www.imapcrystal.com\/es\/wp-json\/wp\/v2\/pages\/9039\/revisions"}],"wp:attachment":[{"href":"http:\/\/www.imapcrystal.com\/es\/wp-json\/wp\/v2\/media?parent=9039"}],"curies":[{"name":"wp","href":"https:\/\/api.w.org\/{rel}","templated":true}]}}